{"id":935,"date":"2024-08-03T14:37:43","date_gmt":"2024-08-03T12:37:43","guid":{"rendered":"https:\/\/fahrschule-gerl.de\/?page_id=935"},"modified":"2024-08-03T15:17:19","modified_gmt":"2024-08-03T13:17:19","slug":"intensivkurs","status":"publish","type":"page","link":"https:\/\/fahrschule-gerl.de\/index.php\/intensivkurs\/","title":{"rendered":"Intensivkurs"},"content":{"rendered":"\t\t<div data-elementor-type=\"wp-page\" data-elementor-id=\"935\" class=\"elementor elementor-935\">\n\t\t\t\t\t\t<section class=\"elementor-section elementor-top-section elementor-element elementor-element-80afaad elementor-section-full_width elementor-section-height-default elementor-section-height-default\" data-id=\"80afaad\" data-element_type=\"section\" data-settings=\"{&quot;background_background&quot;:&quot;gradient&quot;}\">\n\t\t\t\t\t\t<div class=\"elementor-container elementor-column-gap-no\">\n\t\t\t\t\t<div class=\"elementor-column elementor-col-100 elementor-top-column elementor-element elementor-element-9981643\" data-id=\"9981643\" data-element_type=\"column\">\n\t\t\t<div class=\"elementor-widget-wrap elementor-element-populated\">\n\t\t\t\t\t\t<div class=\"elementor-element elementor-element-d5daeb3 elementor-widget elementor-widget-image\" data-id=\"d5daeb3\" data-element_type=\"widget\" data-widget_type=\"image.default\">\n\t\t\t\t<div class=\"elementor-widget-container\">\n\t\t\t\t\t\t\t\t\t\t\t\t\t\t\t<img fetchpriority=\"high\" decoding=\"async\" width=\"768\" height=\"609\" src=\"https:\/\/fahrschule-gerl.de\/wp-content\/uploads\/2024\/08\/IMG_6364-768x609.jpeg\" class=\"attachment-medium_large size-medium_large wp-image-942\" alt=\"\" srcset=\"https:\/\/fahrschule-gerl.de\/wp-content\/uploads\/2024\/08\/IMG_6364-768x609.jpeg 768w, https:\/\/fahrschule-gerl.de\/wp-content\/uploads\/2024\/08\/IMG_6364-300x238.jpeg 300w, https:\/\/fahrschule-gerl.de\/wp-content\/uploads\/2024\/08\/IMG_6364-1024x812.jpeg 1024w, https:\/\/fahrschule-gerl.de\/wp-content\/uploads\/2024\/08\/IMG_6364.jpeg 1087w\" sizes=\"(max-width: 768px) 100vw, 768px\" \/>\t\t\t\t\t\t\t\t\t\t\t\t\t\t\t<\/div>\n\t\t\t\t<\/div>\n\t\t\t\t<div class=\"elementor-element elementor-element-bc709be elementor-widget-divider--view-line elementor-widget elementor-widget-divider\" data-id=\"bc709be\" data-element_type=\"widget\" data-widget_type=\"divider.default\">\n\t\t\t\t<div class=\"elementor-widget-container\">\n\t\t\t\t\t\t\t<div class=\"elementor-divider\">\n\t\t\t<span class=\"elementor-divider-separator\">\n\t\t\t\t\t\t<\/span>\n\t\t<\/div>\n\t\t\t\t\t\t<\/div>\n\t\t\t\t<\/div>\n\t\t\t\t\t<\/div>\n\t\t<\/div>\n\t\t\t\t\t<\/div>\n\t\t<\/section>\n\t\t\t\t<section class=\"elementor-section elementor-top-section elementor-element elementor-element-48fcf06 elementor-section-full_width elementor-section-height-default elementor-section-height-default\" data-id=\"48fcf06\" data-element_type=\"section\" data-settings=\"{&quot;background_background&quot;:&quot;classic&quot;}\">\n\t\t\t\t\t\t<div class=\"elementor-container elementor-column-gap-no\">\n\t\t\t\t\t<div class=\"elementor-column elementor-col-50 elementor-top-column elementor-element elementor-element-a1d9175\" data-id=\"a1d9175\" data-element_type=\"column\">\n\t\t\t<div class=\"elementor-widget-wrap elementor-element-populated\">\n\t\t\t\t\t\t<div class=\"elementor-element elementor-element-055653c elementor-widget elementor-widget-heading\" data-id=\"055653c\" data-element_type=\"widget\" data-widget_type=\"heading.default\">\n\t\t\t\t<div class=\"elementor-widget-container\">\n\t\t\t\t\t<h2 class=\"elementor-heading-title elementor-size-default\">Intensivkurs<\/h2>\t\t\t\t<\/div>\n\t\t\t\t<\/div>\n\t\t\t\t<div class=\"elementor-element elementor-element-7357bac elementor-widget elementor-widget-text-editor\" data-id=\"7357bac\" data-element_type=\"widget\" data-widget_type=\"text-editor.default\">\n\t\t\t\t<div class=\"elementor-widget-container\">\n\t\t\t\t\t\t\t\t\t<p><strong>Theorie in nur 7 Werktagen!!!<\/strong><\/p>\t\t\t\t\t\t\t\t<\/div>\n\t\t\t\t<\/div>\n\t\t\t\t<div class=\"elementor-element elementor-element-cce8df8 elementor-widget-divider--view-line elementor-widget elementor-widget-divider\" data-id=\"cce8df8\" data-element_type=\"widget\" data-widget_type=\"divider.default\">\n\t\t\t\t<div class=\"elementor-widget-container\">\n\t\t\t\t\t\t\t<div class=\"elementor-divider\">\n\t\t\t<span class=\"elementor-divider-separator\">\n\t\t\t\t\t\t<\/span>\n\t\t<\/div>\n\t\t\t\t\t\t<\/div>\n\t\t\t\t<\/div>\n\t\t\t\t<div class=\"elementor-element elementor-element-d88a4c5 elementor-widget elementor-widget-heading\" data-id=\"d88a4c5\" data-element_type=\"widget\" data-widget_type=\"heading.default\">\n\t\t\t\t<div class=\"elementor-widget-container\">\n\t\t\t\t\t<h2 class=\"elementor-heading-title elementor-size-default\">Deine VORTEILE auf einen Blick:<\/h2>\t\t\t\t<\/div>\n\t\t\t\t<\/div>\n\t\t\t\t<div class=\"elementor-element elementor-element-8c216ed elementor-widget elementor-widget-spacer\" data-id=\"8c216ed\" data-element_type=\"widget\" data-widget_type=\"spacer.default\">\n\t\t\t\t<div class=\"elementor-widget-container\">\n\t\t\t\t\t\t\t<div class=\"elementor-spacer\">\n\t\t\t<div class=\"elementor-spacer-inner\"><\/div>\n\t\t<\/div>\n\t\t\t\t\t\t<\/div>\n\t\t\t\t<\/div>\n\t\t\t\t<div class=\"elementor-element elementor-element-4cc218b elementor-widget elementor-widget-text-editor\" data-id=\"4cc218b\" data-element_type=\"widget\" data-widget_type=\"text-editor.default\">\n\t\t\t\t<div class=\"elementor-widget-container\">\n\t\t\t\t\t\t\t\t\t<ul><li>Schneller fit f\u00fcr die Theoriepr\u00fcfung<\/li><li>Lerne effektiver durch aufbauende Themengebiete<\/li><li>Verpasse kein Thema<\/li><li>Intensives Lernen erh\u00f6ht den Erfolg<\/li><\/ul>\t\t\t\t\t\t\t\t<\/div>\n\t\t\t\t<\/div>\n\t\t\t\t<div class=\"elementor-element elementor-element-9eb2a27 elementor-widget-divider--view-line elementor-widget elementor-widget-divider\" data-id=\"9eb2a27\" data-element_type=\"widget\" data-widget_type=\"divider.default\">\n\t\t\t\t<div class=\"elementor-widget-container\">\n\t\t\t\t\t\t\t<div class=\"elementor-divider\">\n\t\t\t<span class=\"elementor-divider-separator\">\n\t\t\t\t\t\t<\/span>\n\t\t<\/div>\n\t\t\t\t\t\t<\/div>\n\t\t\t\t<\/div>\n\t\t\t\t\t<\/div>\n\t\t<\/div>\n\t\t\t\t<div class=\"elementor-column elementor-col-50 elementor-top-column elementor-element elementor-element-8d495dd\" data-id=\"8d495dd\" data-element_type=\"column\">\n\t\t\t<div class=\"elementor-widget-wrap elementor-element-populated\">\n\t\t\t\t\t\t<div class=\"elementor-element elementor-element-0d6f689 elementor-widget elementor-widget-image\" data-id=\"0d6f689\" data-element_type=\"widget\" data-widget_type=\"image.default\">\n\t\t\t\t<div class=\"elementor-widget-container\">\n\t\t\t\t\t\t\t\t\t\t\t\t\t\t\t<img decoding=\"async\" width=\"800\" height=\"500\" src=\"https:\/\/fahrschule-gerl.de\/wp-content\/uploads\/2022\/03\/chris-liverani-HUJDz6CJEaM-unsplash-filter.jpg\" class=\"attachment-large size-large wp-image-534\" alt=\"\" srcset=\"https:\/\/fahrschule-gerl.de\/wp-content\/uploads\/2022\/03\/chris-liverani-HUJDz6CJEaM-unsplash-filter.jpg 800w, https:\/\/fahrschule-gerl.de\/wp-content\/uploads\/2022\/03\/chris-liverani-HUJDz6CJEaM-unsplash-filter-300x188.jpg 300w, https:\/\/fahrschule-gerl.de\/wp-content\/uploads\/2022\/03\/chris-liverani-HUJDz6CJEaM-unsplash-filter-768x480.jpg 768w\" sizes=\"(max-width: 800px) 100vw, 800px\" \/>\t\t\t\t\t\t\t\t\t\t\t\t\t\t\t<\/div>\n\t\t\t\t<\/div>\n\t\t\t\t\t<\/div>\n\t\t<\/div>\n\t\t\t\t\t<\/div>\n\t\t<\/section>\n\t\t\t\t<section class=\"elementor-section elementor-top-section elementor-element elementor-element-a8d21d4 elementor-section-boxed elementor-section-height-default elementor-section-height-default\" data-id=\"a8d21d4\" data-element_type=\"section\" data-settings=\"{&quot;background_background&quot;:&quot;classic&quot;}\">\n\t\t\t\t\t\t<div class=\"elementor-container elementor-column-gap-default\">\n\t\t\t\t\t<div class=\"elementor-column elementor-col-33 elementor-top-column elementor-element elementor-element-13cdcbbd\" data-id=\"13cdcbbd\" data-element_type=\"column\">\n\t\t\t<div class=\"elementor-widget-wrap elementor-element-populated\">\n\t\t\t\t\t\t<div class=\"elementor-element elementor-element-1d09220b elementor-invisible elementor-widget elementor-widget-heading\" data-id=\"1d09220b\" data-element_type=\"widget\" data-settings=\"{&quot;_animation&quot;:&quot;fadeIn&quot;}\" data-widget_type=\"heading.default\">\n\t\t\t\t<div class=\"elementor-widget-container\">\n\t\t\t\t\t<h2 class=\"elementor-heading-title elementor-size-default\">Fahrschule Gerl<\/h2>\t\t\t\t<\/div>\n\t\t\t\t<\/div>\n\t\t\t\t<div class=\"elementor-element elementor-element-50f29dcb elementor-widget-divider--view-line elementor-invisible elementor-widget elementor-widget-divider\" data-id=\"50f29dcb\" data-element_type=\"widget\" data-settings=\"{&quot;_animation&quot;:&quot;fadeIn&quot;}\" data-widget_type=\"divider.default\">\n\t\t\t\t<div class=\"elementor-widget-container\">\n\t\t\t\t\t\t\t<div class=\"elementor-divider\">\n\t\t\t<span class=\"elementor-divider-separator\">\n\t\t\t\t\t\t<\/span>\n\t\t<\/div>\n\t\t\t\t\t\t<\/div>\n\t\t\t\t<\/div>\n\t\t\t\t<div class=\"elementor-element elementor-element-3569b399 elementor-widget elementor-widget-text-editor\" data-id=\"3569b399\" data-element_type=\"widget\" data-widget_type=\"text-editor.default\">\n\t\t\t\t<div class=\"elementor-widget-container\">\n\t\t\t\t\t\t\t\t\t<p>Inhaber: Tobias Gerl<\/p><p>Dr.- Kumpfm\u00fcller-Str. 35<\/p><p>94315 Straubing<\/p><p>Tel.: <span style=\"text-decoration: underline; color: #3366ff;\"><a style=\"color: #3366ff; text-decoration: underline;\" href=\"tel:0491704415516\">0170\/4415516<\/a><\/span><\/p><p>E-Mail: <span style=\"text-decoration: underline; color: #3366ff;\"><a style=\"color: #3366ff; text-decoration: underline;\" href=\"mailto:info@fahrschule-gerl.de\">info@fahrschule-gerl.de<\/a><\/span><\/p>\t\t\t\t\t\t\t\t<\/div>\n\t\t\t\t<\/div>\n\t\t\t\t\t<\/div>\n\t\t<\/div>\n\t\t\t\t<div class=\"elementor-column elementor-col-33 elementor-top-column elementor-element elementor-element-2f07f8d4\" data-id=\"2f07f8d4\" data-element_type=\"column\">\n\t\t\t<div class=\"elementor-widget-wrap elementor-element-populated\">\n\t\t\t\t\t\t<div class=\"elementor-element elementor-element-472bf5de elementor-invisible elementor-widget elementor-widget-heading\" data-id=\"472bf5de\" data-element_type=\"widget\" data-settings=\"{&quot;_animation&quot;:&quot;fadeIn&quot;}\" data-widget_type=\"heading.default\">\n\t\t\t\t<div class=\"elementor-widget-container\">\n\t\t\t\t\t<h2 class=\"elementor-heading-title elementor-size-default\">MENU<\/h2>\t\t\t\t<\/div>\n\t\t\t\t<\/div>\n\t\t\t\t<div class=\"elementor-element elementor-element-279fc467 elementor-widget-divider--view-line elementor-invisible elementor-widget elementor-widget-divider\" data-id=\"279fc467\" data-element_type=\"widget\" data-settings=\"{&quot;_animation&quot;:&quot;fadeIn&quot;}\" data-widget_type=\"divider.default\">\n\t\t\t\t<div class=\"elementor-widget-container\">\n\t\t\t\t\t\t\t<div class=\"elementor-divider\">\n\t\t\t<span class=\"elementor-divider-separator\">\n\t\t\t\t\t\t<\/span>\n\t\t<\/div>\n\t\t\t\t\t\t<\/div>\n\t\t\t\t<\/div>\n\t\t\t\t<div class=\"elementor-element elementor-element-38c29df9 elementor-widget elementor-widget-text-editor\" data-id=\"38c29df9\" data-element_type=\"widget\" data-widget_type=\"text-editor.default\">\n\t\t\t\t<div class=\"elementor-widget-container\">\n\t\t\t\t\t\t\t\t\t<p><a href=\"https:\/\/fahrschule-gerl.de\/index.php\/impressum\/\"><span style=\"color: #3366ff;\">Impressum<\/span><\/a><\/p><p><a href=\"https:\/\/fahrschule-gerl.de\/index.php\/datenschutzerklaerung\/\"><span style=\"color: #3366ff;\">Datenschutzerkl\u00e4rung<\/span><\/a><\/p>\t\t\t\t\t\t\t\t<\/div>\n\t\t\t\t<\/div>\n\t\t\t\t\t<\/div>\n\t\t<\/div>\n\t\t\t\t<div class=\"elementor-column elementor-col-33 elementor-top-column elementor-element elementor-element-4ea83c72\" data-id=\"4ea83c72\" data-element_type=\"column\">\n\t\t\t<div class=\"elementor-widget-wrap elementor-element-populated\">\n\t\t\t\t\t\t<div class=\"elementor-element elementor-element-67776699 elementor-invisible elementor-widget elementor-widget-heading\" data-id=\"67776699\" data-element_type=\"widget\" data-settings=\"{&quot;_animation&quot;:&quot;fadeIn&quot;}\" data-widget_type=\"heading.default\">\n\t\t\t\t<div class=\"elementor-widget-container\">\n\t\t\t\t\t<h2 class=\"elementor-heading-title elementor-size-default\">SOCIAL<\/h2>\t\t\t\t<\/div>\n\t\t\t\t<\/div>\n\t\t\t\t<div class=\"elementor-element elementor-element-560f23cd elementor-widget-divider--view-line elementor-invisible elementor-widget elementor-widget-divider\" data-id=\"560f23cd\" data-element_type=\"widget\" data-settings=\"{&quot;_animation&quot;:&quot;fadeIn&quot;}\" data-widget_type=\"divider.default\">\n\t\t\t\t<div class=\"elementor-widget-container\">\n\t\t\t\t\t\t\t<div class=\"elementor-divider\">\n\t\t\t<span class=\"elementor-divider-separator\">\n\t\t\t\t\t\t<\/span>\n\t\t<\/div>\n\t\t\t\t\t\t<\/div>\n\t\t\t\t<\/div>\n\t\t\t\t<div class=\"elementor-element elementor-element-1426e0fb e-grid-align-left e-grid-align-tablet-left elementor-shape-circle elementor-grid-0 elementor-widget elementor-widget-social-icons\" data-id=\"1426e0fb\" data-element_type=\"widget\" data-widget_type=\"social-icons.default\">\n\t\t\t\t<div class=\"elementor-widget-container\">\n\t\t\t\t\t\t\t<div class=\"elementor-social-icons-wrapper elementor-grid\" role=\"list\">\n\t\t\t\t\t\t\t<span class=\"elementor-grid-item\" role=\"listitem\">\n\t\t\t\t\t<a class=\"elementor-icon elementor-social-icon elementor-social-icon-instagram elementor-repeater-item-b393bc8\" target=\"_blank\">\n\t\t\t\t\t\t<span class=\"elementor-screen-only\">Instagram<\/span>\n\t\t\t\t\t\t<i aria-hidden=\"true\" class=\"fab fa-instagram\"><\/i>\t\t\t\t\t<\/a>\n\t\t\t\t<\/span>\n\t\t\t\t\t\t\t<span class=\"elementor-grid-item\" role=\"listitem\">\n\t\t\t\t\t<a class=\"elementor-icon elementor-social-icon elementor-social-icon-facebook-f elementor-repeater-item-0444518\" target=\"_blank\">\n\t\t\t\t\t\t<span class=\"elementor-screen-only\">Facebook-f<\/span>\n\t\t\t\t\t\t<i aria-hidden=\"true\" class=\"fab fa-facebook-f\"><\/i>\t\t\t\t\t<\/a>\n\t\t\t\t<\/span>\n\t\t\t\t\t\t\t<span class=\"elementor-grid-item\" role=\"listitem\">\n\t\t\t\t\t<a class=\"elementor-icon elementor-social-icon elementor-social-icon-whatsapp elementor-repeater-item-1ea64fe\" href=\"https:\/\/wa.me\/0491704415516\" target=\"_blank\">\n\t\t\t\t\t\t<span class=\"elementor-screen-only\">Whatsapp<\/span>\n\t\t\t\t\t\t<i aria-hidden=\"true\" class=\"fab fa-whatsapp\"><\/i>\t\t\t\t\t<\/a>\n\t\t\t\t<\/span>\n\t\t\t\t\t<\/div>\n\t\t\t\t\t\t<\/div>\n\t\t\t\t<\/div>\n\t\t\t\t\t<\/div>\n\t\t<\/div>\n\t\t\t\t\t<\/div>\n\t\t<\/section>\n\t\t\t\t<section class=\"elementor-section elementor-top-section elementor-element elementor-element-655b7a6 elementor-section-content-middle elementor-reverse-mobile elementor-section-boxed elementor-section-height-default elementor-section-height-default\" data-id=\"655b7a6\" data-element_type=\"section\" data-settings=\"{&quot;background_background&quot;:&quot;classic&quot;}\">\n\t\t\t\t\t\t<div class=\"elementor-container elementor-column-gap-default\">\n\t\t\t\t\t<div class=\"elementor-column elementor-col-100 elementor-top-column elementor-element elementor-element-33ae6f32\" data-id=\"33ae6f32\" data-element_type=\"column\">\n\t\t\t<div class=\"elementor-widget-wrap elementor-element-populated\">\n\t\t\t\t\t\t<div class=\"elementor-element elementor-element-557c4738 elementor-widget elementor-widget-text-editor\" data-id=\"557c4738\" data-element_type=\"widget\" data-widget_type=\"text-editor.default\">\n\t\t\t\t<div class=\"elementor-widget-container\">\n\t\t\t\t\t\t\t\t\t<p style=\"text-align: center;\">Copyright \u00a9 2022 Fahrschule Gerl<\/p>\t\t\t\t\t\t\t\t<\/div>\n\t\t\t\t<\/div>\n\t\t\t\t\t<\/div>\n\t\t<\/div>\n\t\t\t\t\t<\/div>\n\t\t<\/section>\n\t\t\t\t<\/div>\n\t\t","protected":false},"excerpt":{"rendered":"<p>Intensivkurs Theorie in nur 7 Werktagen!!! Deine VORTEILE auf einen Blick: Schneller fit f\u00fcr die Theoriepr\u00fcfung Lerne effektiver durch aufbauende Themengebiete Verpasse kein Thema Intensives Lernen erh\u00f6ht den Erfolg Fahrschule Gerl Inhaber: Tobias Gerl Dr.- Kumpfm\u00fcller-Str. 35 94315 Straubing Tel.: 0170\/4415516 E-Mail: info@fahrschule-gerl.de MENU Impressum Datenschutzerkl\u00e4rung SOCIAL Instagram Facebook-f Whatsapp Copyright \u00a9 2022 Fahrschule Gerl<\/p>\n","protected":false},"author":1,"featured_media":0,"parent":0,"menu_order":0,"comment_status":"closed","ping_status":"closed","template":"","meta":{"ocean_post_layout":"full-screen","ocean_both_sidebars_style":"","ocean_both_sidebars_content_width":0,"ocean_both_sidebars_sidebars_width":0,"ocean_sidebar":"","ocean_second_sidebar":"","ocean_disable_margins":"enable","ocean_add_body_class":"","ocean_shortcode_before_top_bar":"","ocean_shortcode_after_top_bar":"","ocean_shortcode_before_header":"","ocean_shortcode_after_header":"","ocean_has_shortcode":"","ocean_shortcode_after_title":"","ocean_shortcode_before_footer_widgets":"","ocean_shortcode_after_footer_widgets":"","ocean_shortcode_before_footer_bottom":"","ocean_shortcode_after_footer_bottom":"","ocean_display_top_bar":"off","ocean_display_header":"default","ocean_header_style":"","ocean_center_header_left_menu":"","ocean_custom_header_template":"","ocean_custom_logo":0,"ocean_custom_retina_logo":0,"ocean_custom_logo_max_width":0,"ocean_custom_logo_tablet_max_width":0,"ocean_custom_logo_mobile_max_width":0,"ocean_custom_logo_max_height":0,"ocean_custom_logo_tablet_max_height":0,"ocean_custom_logo_mobile_max_height":0,"ocean_header_custom_menu":"","ocean_menu_typo_font_family":"","ocean_menu_typo_font_subset":"","ocean_menu_typo_font_size":0,"ocean_menu_typo_font_size_tablet":0,"ocean_menu_typo_font_size_mobile":0,"ocean_menu_typo_font_size_unit":"px","ocean_menu_typo_font_weight":"","ocean_menu_typo_font_weight_tablet":"","ocean_menu_typo_font_weight_mobile":"","ocean_menu_typo_transform":"","ocean_menu_typo_transform_tablet":"","ocean_menu_typo_transform_mobile":"","ocean_menu_typo_line_height":0,"ocean_menu_typo_line_height_tablet":0,"ocean_menu_typo_line_height_mobile":0,"ocean_menu_typo_line_height_unit":"","ocean_menu_typo_spacing":0,"ocean_menu_typo_spacing_tablet":0,"ocean_menu_typo_spacing_mobile":0,"ocean_menu_typo_spacing_unit":"","ocean_menu_link_color":"","ocean_menu_link_color_hover":"","ocean_menu_link_color_active":"","ocean_menu_link_background":"","ocean_menu_link_hover_background":"","ocean_menu_link_active_background":"","ocean_menu_social_links_bg":"","ocean_menu_social_hover_links_bg":"","ocean_menu_social_links_color":"","ocean_menu_social_hover_links_color":"","ocean_disable_title":"on","ocean_disable_heading":"default","ocean_post_title":"","ocean_post_subheading":"","ocean_post_title_style":"","ocean_post_title_background_color":"","ocean_post_title_background":0,"ocean_post_title_bg_image_position":"","ocean_post_title_bg_image_attachment":"","ocean_post_title_bg_image_repeat":"","ocean_post_title_bg_image_size":"","ocean_post_title_height":0,"ocean_post_title_bg_overlay":0.5,"ocean_post_title_bg_overlay_color":"","ocean_disable_breadcrumbs":"default","ocean_breadcrumbs_color":"","ocean_breadcrumbs_separator_color":"","ocean_breadcrumbs_links_color":"","ocean_breadcrumbs_links_hover_color":"","ocean_display_footer_widgets":"off","ocean_display_footer_bottom":"off","ocean_custom_footer_template":"","footnotes":""},"class_list":["post-935","page","type-page","status-publish","hentry","entry"],"yoast_head":"<!-- This site is optimized with the Yoast SEO plugin v26.3 - https:\/\/yoast.com\/wordpress\/plugins\/seo\/ -->\n<title>Intensivkurs -<\/title>\n<meta name=\"robots\" content=\"index, follow, max-snippet:-1, max-image-preview:large, max-video-preview:-1\" \/>\n<link rel=\"canonical\" href=\"https:\/\/fahrschule-gerl.de\/index.php\/intensivkurs\/\" \/>\n<meta property=\"og:locale\" content=\"de_DE\" \/>\n<meta property=\"og:type\" content=\"article\" \/>\n<meta property=\"og:title\" content=\"Intensivkurs -\" \/>\n<meta property=\"og:description\" content=\"Intensivkurs Theorie in nur 7 Werktagen!!! Deine VORTEILE auf einen Blick: Schneller fit f\u00fcr die Theoriepr\u00fcfung Lerne effektiver durch aufbauende Themengebiete Verpasse kein Thema Intensives Lernen erh\u00f6ht den Erfolg Fahrschule Gerl Inhaber: Tobias Gerl Dr.- Kumpfm\u00fcller-Str. 35 94315 Straubing Tel.: 0170\/4415516 E-Mail: info@fahrschule-gerl.de MENU Impressum Datenschutzerkl\u00e4rung SOCIAL Instagram Facebook-f Whatsapp Copyright \u00a9 2022 Fahrschule Gerl\" \/>\n<meta property=\"og:url\" content=\"https:\/\/fahrschule-gerl.de\/index.php\/intensivkurs\/\" \/>\n<meta property=\"article:modified_time\" content=\"2024-08-03T13:17:19+00:00\" \/>\n<meta property=\"og:image\" content=\"http:\/\/fahrschule-gerl.de\/wp-content\/uploads\/2024\/08\/IMG_6364-768x609.jpeg\" \/>\n<meta name=\"twitter:card\" content=\"summary_large_image\" \/>\n<meta name=\"twitter:label1\" content=\"Gesch\u00e4tzte Lesezeit\" \/>\n\t<meta name=\"twitter:data1\" content=\"1\u00a0Minute\" \/>\n<script type=\"application\/ld+json\" class=\"yoast-schema-graph\">{\"@context\":\"https:\/\/schema.org\",\"@graph\":[{\"@type\":\"WebPage\",\"@id\":\"https:\/\/fahrschule-gerl.de\/index.php\/intensivkurs\/\",\"url\":\"https:\/\/fahrschule-gerl.de\/index.php\/intensivkurs\/\",\"name\":\"Intensivkurs -\",\"isPartOf\":{\"@id\":\"https:\/\/fahrschule-gerl.de\/#website\"},\"primaryImageOfPage\":{\"@id\":\"https:\/\/fahrschule-gerl.de\/index.php\/intensivkurs\/#primaryimage\"},\"image\":{\"@id\":\"https:\/\/fahrschule-gerl.de\/index.php\/intensivkurs\/#primaryimage\"},\"thumbnailUrl\":\"http:\/\/fahrschule-gerl.de\/wp-content\/uploads\/2024\/08\/IMG_6364-768x609.jpeg\",\"datePublished\":\"2024-08-03T12:37:43+00:00\",\"dateModified\":\"2024-08-03T13:17:19+00:00\",\"breadcrumb\":{\"@id\":\"https:\/\/fahrschule-gerl.de\/index.php\/intensivkurs\/#breadcrumb\"},\"inLanguage\":\"de\",\"potentialAction\":[{\"@type\":\"ReadAction\",\"target\":[\"https:\/\/fahrschule-gerl.de\/index.php\/intensivkurs\/\"]}]},{\"@type\":\"ImageObject\",\"inLanguage\":\"de\",\"@id\":\"https:\/\/fahrschule-gerl.de\/index.php\/intensivkurs\/#primaryimage\",\"url\":\"https:\/\/fahrschule-gerl.de\/wp-content\/uploads\/2024\/08\/IMG_6364.jpeg\",\"contentUrl\":\"https:\/\/fahrschule-gerl.de\/wp-content\/uploads\/2024\/08\/IMG_6364.jpeg\",\"width\":1087,\"height\":862},{\"@type\":\"BreadcrumbList\",\"@id\":\"https:\/\/fahrschule-gerl.de\/index.php\/intensivkurs\/#breadcrumb\",\"itemListElement\":[{\"@type\":\"ListItem\",\"position\":1,\"name\":\"Startseite\",\"item\":\"https:\/\/fahrschule-gerl.de\/\"},{\"@type\":\"ListItem\",\"position\":2,\"name\":\"Intensivkurs\"}]},{\"@type\":\"WebSite\",\"@id\":\"https:\/\/fahrschule-gerl.de\/#website\",\"url\":\"https:\/\/fahrschule-gerl.de\/\",\"name\":\"\",\"description\":\"\",\"publisher\":{\"@id\":\"https:\/\/fahrschule-gerl.de\/#organization\"},\"potentialAction\":[{\"@type\":\"SearchAction\",\"target\":{\"@type\":\"EntryPoint\",\"urlTemplate\":\"https:\/\/fahrschule-gerl.de\/?s={search_term_string}\"},\"query-input\":{\"@type\":\"PropertyValueSpecification\",\"valueRequired\":true,\"valueName\":\"search_term_string\"}}],\"inLanguage\":\"de\"},{\"@type\":\"Organization\",\"@id\":\"https:\/\/fahrschule-gerl.de\/#organization\",\"name\":\"Fahrschule Gerl\",\"url\":\"https:\/\/fahrschule-gerl.de\/\",\"logo\":{\"@type\":\"ImageObject\",\"inLanguage\":\"de\",\"@id\":\"https:\/\/fahrschule-gerl.de\/#\/schema\/logo\/image\/\",\"url\":\"https:\/\/fahrschule-gerl.de\/wp-content\/uploads\/2023\/01\/cropped-cropped-Tobis-LOGO-720p-Final.png\",\"contentUrl\":\"https:\/\/fahrschule-gerl.de\/wp-content\/uploads\/2023\/01\/cropped-cropped-Tobis-LOGO-720p-Final.png\",\"width\":502,\"height\":467,\"caption\":\"Fahrschule Gerl\"},\"image\":{\"@id\":\"https:\/\/fahrschule-gerl.de\/#\/schema\/logo\/image\/\"}}]}<\/script>\n<!-- \/ Yoast SEO plugin. -->","yoast_head_json":{"title":"Intensivkurs -","robots":{"index":"index","follow":"follow","max-snippet":"max-snippet:-1","max-image-preview":"max-image-preview:large","max-video-preview":"max-video-preview:-1"},"canonical":"https:\/\/fahrschule-gerl.de\/index.php\/intensivkurs\/","og_locale":"de_DE","og_type":"article","og_title":"Intensivkurs -","og_description":"Intensivkurs Theorie in nur 7 Werktagen!!! Deine VORTEILE auf einen Blick: Schneller fit f\u00fcr die Theoriepr\u00fcfung Lerne effektiver durch aufbauende Themengebiete Verpasse kein Thema Intensives Lernen erh\u00f6ht den Erfolg Fahrschule Gerl Inhaber: Tobias Gerl Dr.- Kumpfm\u00fcller-Str. 35 94315 Straubing Tel.: 0170\/4415516 E-Mail: info@fahrschule-gerl.de MENU Impressum Datenschutzerkl\u00e4rung SOCIAL Instagram Facebook-f Whatsapp Copyright \u00a9 2022 Fahrschule Gerl","og_url":"https:\/\/fahrschule-gerl.de\/index.php\/intensivkurs\/","article_modified_time":"2024-08-03T13:17:19+00:00","og_image":[{"url":"http:\/\/fahrschule-gerl.de\/wp-content\/uploads\/2024\/08\/IMG_6364-768x609.jpeg","type":"","width":"","height":""}],"twitter_card":"summary_large_image","twitter_misc":{"Gesch\u00e4tzte Lesezeit":"1\u00a0Minute"},"schema":{"@context":"https:\/\/schema.org","@graph":[{"@type":"WebPage","@id":"https:\/\/fahrschule-gerl.de\/index.php\/intensivkurs\/","url":"https:\/\/fahrschule-gerl.de\/index.php\/intensivkurs\/","name":"Intensivkurs -","isPartOf":{"@id":"https:\/\/fahrschule-gerl.de\/#website"},"primaryImageOfPage":{"@id":"https:\/\/fahrschule-gerl.de\/index.php\/intensivkurs\/#primaryimage"},"image":{"@id":"https:\/\/fahrschule-gerl.de\/index.php\/intensivkurs\/#primaryimage"},"thumbnailUrl":"http:\/\/fahrschule-gerl.de\/wp-content\/uploads\/2024\/08\/IMG_6364-768x609.jpeg","datePublished":"2024-08-03T12:37:43+00:00","dateModified":"2024-08-03T13:17:19+00:00","breadcrumb":{"@id":"https:\/\/fahrschule-gerl.de\/index.php\/intensivkurs\/#breadcrumb"},"inLanguage":"de","potentialAction":[{"@type":"ReadAction","target":["https:\/\/fahrschule-gerl.de\/index.php\/intensivkurs\/"]}]},{"@type":"ImageObject","inLanguage":"de","@id":"https:\/\/fahrschule-gerl.de\/index.php\/intensivkurs\/#primaryimage","url":"https:\/\/fahrschule-gerl.de\/wp-content\/uploads\/2024\/08\/IMG_6364.jpeg","contentUrl":"https:\/\/fahrschule-gerl.de\/wp-content\/uploads\/2024\/08\/IMG_6364.jpeg","width":1087,"height":862},{"@type":"BreadcrumbList","@id":"https:\/\/fahrschule-gerl.de\/index.php\/intensivkurs\/#breadcrumb","itemListElement":[{"@type":"ListItem","position":1,"name":"Startseite","item":"https:\/\/fahrschule-gerl.de\/"},{"@type":"ListItem","position":2,"name":"Intensivkurs"}]},{"@type":"WebSite","@id":"https:\/\/fahrschule-gerl.de\/#website","url":"https:\/\/fahrschule-gerl.de\/","name":"","description":"","publisher":{"@id":"https:\/\/fahrschule-gerl.de\/#organization"},"potentialAction":[{"@type":"SearchAction","target":{"@type":"EntryPoint","urlTemplate":"https:\/\/fahrschule-gerl.de\/?s={search_term_string}"},"query-input":{"@type":"PropertyValueSpecification","valueRequired":true,"valueName":"search_term_string"}}],"inLanguage":"de"},{"@type":"Organization","@id":"https:\/\/fahrschule-gerl.de\/#organization","name":"Fahrschule Gerl","url":"https:\/\/fahrschule-gerl.de\/","logo":{"@type":"ImageObject","inLanguage":"de","@id":"https:\/\/fahrschule-gerl.de\/#\/schema\/logo\/image\/","url":"https:\/\/fahrschule-gerl.de\/wp-content\/uploads\/2023\/01\/cropped-cropped-Tobis-LOGO-720p-Final.png","contentUrl":"https:\/\/fahrschule-gerl.de\/wp-content\/uploads\/2023\/01\/cropped-cropped-Tobis-LOGO-720p-Final.png","width":502,"height":467,"caption":"Fahrschule Gerl"},"image":{"@id":"https:\/\/fahrschule-gerl.de\/#\/schema\/logo\/image\/"}}]}},"_links":{"self":[{"href":"https:\/\/fahrschule-gerl.de\/index.php\/wp-json\/wp\/v2\/pages\/935","targetHints":{"allow":["GET"]}}],"collection":[{"href":"https:\/\/fahrschule-gerl.de\/index.php\/wp-json\/wp\/v2\/pages"}],"about":[{"href":"https:\/\/fahrschule-gerl.de\/index.php\/wp-json\/wp\/v2\/types\/page"}],"author":[{"embeddable":true,"href":"https:\/\/fahrschule-gerl.de\/index.php\/wp-json\/wp\/v2\/users\/1"}],"replies":[{"embeddable":true,"href":"https:\/\/fahrschule-gerl.de\/index.php\/wp-json\/wp\/v2\/comments?post=935"}],"version-history":[{"count":12,"href":"https:\/\/fahrschule-gerl.de\/index.php\/wp-json\/wp\/v2\/pages\/935\/revisions"}],"predecessor-version":[{"id":950,"href":"https:\/\/fahrschule-gerl.de\/index.php\/wp-json\/wp\/v2\/pages\/935\/revisions\/950"}],"wp:attachment":[{"href":"https:\/\/fahrschule-gerl.de\/index.php\/wp-json\/wp\/v2\/media?parent=935"}],"curies":[{"name":"wp","href":"https:\/\/api.w.org\/{rel}","templated":true}]}}